{"id":89,"date":"2022-05-18T10:53:16","date_gmt":"2022-05-18T08:53:16","guid":{"rendered":"http:\/\/camping.combourg.bzh\/?page_id=89"},"modified":"2025-01-09T10:07:33","modified_gmt":"2025-01-09T09:07:33","slug":"a-votre-service","status":"publish","type":"page","link":"https:\/\/camping.combourg.bzh\/index.php\/a-votre-service\/","title":{"rendered":"\u00c0 votre service"},"content":{"rendered":"\n<div class=\"wp-block-media-text alignwide is-stacked-on-mobile\" style=\"grid-template-columns:43% auto\"><figure class=\"wp-block-media-text__media\"><img fetchpriority=\"high\" decoding=\"async\" width=\"1024\" height=\"573\" src=\"http:\/\/camping.combourg.bzh\/wp-content\/uploads\/2022\/05\/2-2-1024x573.jpg\" alt=\"\" class=\"wp-image-653 size-full\" srcset=\"https:\/\/camping.combourg.bzh\/wp-content\/uploads\/2022\/05\/2-2-1024x573.jpg 1024w, https:\/\/camping.combourg.bzh\/wp-content\/uploads\/2022\/05\/2-2-600x336.jpg 600w, https:\/\/camping.combourg.bzh\/wp-content\/uploads\/2022\/05\/2-2-300x168.jpg 300w, https:\/\/camping.combourg.bzh\/wp-content\/uploads\/2022\/05\/2-2-768x430.jpg 768w, https:\/\/camping.combourg.bzh\/wp-content\/uploads\/2022\/05\/2-2-1536x860.jpg 1536w, https:\/\/camping.combourg.bzh\/wp-content\/uploads\/2022\/05\/2-2.jpg 1616w\" sizes=\"(max-width: 1024px) 100vw, 1024px\" \/><\/figure><div class=\"wp-block-media-text__content\">\n<p style=\"font-size:16px\">Le camping municipal le Vieux Ch\u00e2tel, \u00e0 Combourg, entre Rennes et Saint-Malo, est \u00e0<strong>&nbsp;cinq minutes du centre ville, par chemin pi\u00e9tonnier le long du lac. Une situation id\u00e9ale<\/strong>&nbsp;vous permettant d\u2019aller prendre un verre, de faire du shopping ou de fl\u00e2ner sur le march\u00e9 traditionnel du lundi matin.<\/p>\n<\/div><\/div>\n\n\n<hr>\n<p style=\"text-align: center;\">\n\n\n<div class=\"wp-block-media-text alignwide has-media-on-the-right is-stacked-on-mobile\" style=\"grid-template-columns:auto 44%\"><div class=\"wp-block-media-text__content\">\n<p><strong>Le camping<\/strong><\/p>\n\n\n\n<p style=\"font-size:16px\">Le camping accueille&nbsp;<strong>tentes, caravanes et camping-cars<\/strong>&nbsp;sur ses 49 emplacements d\u00e9limit\u00e9s par des haies bocag\u00e8res mais vous pouvez \u00e9galement r\u00e9server votre s\u00e9jour en&nbsp;<strong>mobil-home<\/strong>&nbsp;de grand confort.<\/p>\n\n\n\n<h4 class=\"wp-block-heading\">Le camping est ouvert du 29 mars au 3 novembre 2025.<\/h4>\n\n\n\n<p style=\"font-size:16px\">Une \u00e9quipe sympathique vous y accueille de 8h \u00e0 12h et 14h \u00e0 20h en juillet et ao\u00fbt \/ de 8h30 \u00e0 11h30 et 14h30 \u00e0 19h30 en moyenne saison<\/p>\n<\/div><figure class=\"wp-block-media-text__media\"><img decoding=\"async\" width=\"1024\" height=\"768\" src=\"http:\/\/camping.combourg.bzh\/wp-content\/uploads\/2022\/05\/18879923_1853262294890847_3101934681823281669_o-2-1024x768.jpg\" alt=\"\" class=\"wp-image-578 size-full\" srcset=\"https:\/\/camping.combourg.bzh\/wp-content\/uploads\/2022\/05\/18879923_1853262294890847_3101934681823281669_o-2-1024x768.jpg 1024w, https:\/\/camping.combourg.bzh\/wp-content\/uploads\/2022\/05\/18879923_1853262294890847_3101934681823281669_o-2-600x450.jpg 600w, https:\/\/camping.combourg.bzh\/wp-content\/uploads\/2022\/05\/18879923_1853262294890847_3101934681823281669_o-2-300x225.jpg 300w, https:\/\/camping.combourg.bzh\/wp-content\/uploads\/2022\/05\/18879923_1853262294890847_3101934681823281669_o-2-768x576.jpg 768w, https:\/\/camping.combourg.bzh\/wp-content\/uploads\/2022\/05\/18879923_1853262294890847_3101934681823281669_o-2-1536x1152.jpg 1536w, https:\/\/camping.combourg.bzh\/wp-content\/uploads\/2022\/05\/18879923_1853262294890847_3101934681823281669_o-2.jpg 2048w\" sizes=\"(max-width: 1024px) 100vw, 1024px\" \/><\/figure><\/div>\n\n\n<hr>\n\n\n<div class=\"wp-block-media-text alignwide is-stacked-on-mobile\" style=\"grid-template-columns:44% auto\"><figure class=\"wp-block-media-text__media\"><img decoding=\"async\" width=\"709\" height=\"531\" src=\"http:\/\/camping.combourg.bzh\/wp-content\/uploads\/2022\/05\/point_info.jpg\" alt=\"\" class=\"wp-image-303 size-full\" srcset=\"https:\/\/camping.combourg.bzh\/wp-content\/uploads\/2022\/05\/point_info.jpg 709w, https:\/\/camping.combourg.bzh\/wp-content\/uploads\/2022\/05\/point_info-600x449.jpg 600w, https:\/\/camping.combourg.bzh\/wp-content\/uploads\/2022\/05\/point_info-300x225.jpg 300w, https:\/\/camping.combourg.bzh\/wp-content\/uploads\/2022\/05\/point_info-508x381.jpg 508w\" sizes=\"(max-width: 709px) 100vw, 709px\" \/><\/figure><div class=\"wp-block-media-text__content\">\n<p><strong>L&rsquo;accueil<\/strong><\/p>\n\n\n\n<p style=\"font-size:16px\">Le point d\u2019information touristique, en liaison avec&nbsp;<strong><a href=\"http:\/\/www.tourisme-combourg.fr\/\" target=\"_blank\" rel=\"noreferrer noopener\">l\u2019Office de tourisme de Combourg<\/a><\/strong>, vous propose sa documentation sur la&nbsp;<strong><a href=\"http:\/\/www.bretagne35.com\/\" target=\"_blank\" rel=\"noreferrer noopener\">Haute Bretagne<\/a><\/strong>&nbsp;: activit\u00e9s, loisirs, animations, bonnes adresses\u2026<\/p>\n\n\n\n<p style=\"font-size:16px\">En r\u00e9servant la veille, vous pouvez prendre un copieux petit-d\u00e9jeuner \u00e0 la caf\u00e9t\u00e9ria ou en terrasse ou venir chercher votre pain et vos viennoiseries \u00e0 l\u2019accueil d\u00e8s 8h15.<\/p>\n<\/div><\/div>\n\n\n<hr>\n\n\n<div class=\"wp-block-media-text alignwide has-media-on-the-right is-stacked-on-mobile\" style=\"grid-template-columns:auto 44%\"><div class=\"wp-block-media-text__content\">\n<p><strong>Les services<\/strong><\/p>\n\n\n\n<p style=\"font-size:16px\">Pour votre confort, notre camping met \u00e0 votre disposition&nbsp;: machine \u00e0 laver le linge, fer et table \u00e0 repasser, jeux de soci\u00e9t\u00e9, table de ping-pong, raquettes, presse, livres et revues, barbecues et un mini-shop o\u00f9 vous trouverez aliments de base et produits r\u00e9gionaux qui raviront vos papilles et vos amis \u00e0 votre retour.<\/p>\n\n\n\n<p style=\"font-size:16px\">L\u2019acc\u00e8s wi-fi est gratuit.<\/p>\n<\/div><figure class=\"wp-block-media-text__media\"><img loading=\"lazy\" decoding=\"async\" width=\"709\" height=\"531\" src=\"http:\/\/camping.combourg.bzh\/wp-content\/uploads\/2022\/05\/salledejeux.jpg\" alt=\"\" class=\"wp-image-691 size-full\" srcset=\"https:\/\/camping.combourg.bzh\/wp-content\/uploads\/2022\/05\/salledejeux.jpg 709w, https:\/\/camping.combourg.bzh\/wp-content\/uploads\/2022\/05\/salledejeux-600x449.jpg 600w, https:\/\/camping.combourg.bzh\/wp-content\/uploads\/2022\/05\/salledejeux-300x225.jpg 300w\" sizes=\"(max-width: 709px) 100vw, 709px\" \/><\/figure><\/div>\n\n\n<hr>\n\n\n<div class=\"wp-block-media-text alignwide is-stacked-on-mobile\" style=\"grid-template-columns:44% auto\"><figure class=\"wp-block-media-text__media\"><img loading=\"lazy\" decoding=\"async\" width=\"1024\" height=\"768\" src=\"http:\/\/camping.combourg.bzh\/wp-content\/uploads\/2022\/05\/20023983_1874352092781867_102065714285154205_o-4-1024x768.jpg\" alt=\"\" class=\"wp-image-654 size-full\" srcset=\"https:\/\/camping.combourg.bzh\/wp-content\/uploads\/2022\/05\/20023983_1874352092781867_102065714285154205_o-4-1024x768.jpg 1024w, https:\/\/camping.combourg.bzh\/wp-content\/uploads\/2022\/05\/20023983_1874352092781867_102065714285154205_o-4-600x450.jpg 600w, https:\/\/camping.combourg.bzh\/wp-content\/uploads\/2022\/05\/20023983_1874352092781867_102065714285154205_o-4-300x225.jpg 300w, https:\/\/camping.combourg.bzh\/wp-content\/uploads\/2022\/05\/20023983_1874352092781867_102065714285154205_o-4-768x576.jpg 768w, https:\/\/camping.combourg.bzh\/wp-content\/uploads\/2022\/05\/20023983_1874352092781867_102065714285154205_o-4-1536x1152.jpg 1536w, https:\/\/camping.combourg.bzh\/wp-content\/uploads\/2022\/05\/20023983_1874352092781867_102065714285154205_o-4.jpg 2048w\" sizes=\"(max-width: 1024px) 100vw, 1024px\" \/><\/figure><div class=\"wp-block-media-text__content\">\n<p><strong>Des activit\u00e9s \u00e0 proximit\u00e9<\/strong><\/p>\n\n\n\n<p style=\"font-size:16px\">Vous aimez la p\u00eache&nbsp;? l\u2019\u00e9tang des Maffins est \u00e0 quelques dizaines de m\u00e8tres, tout comme les courts de tennis et les jeux de boules.<\/p>\n\n\n\n<p style=\"font-size:16px\">En acc\u00e8s direct, l\u2019aire de jeux permet \u00e0 vos enfants de s\u2019\u00e9battre en toute s\u00e9curit\u00e9 tandis que vous profiterez du parcours de sant\u00e9, ferez une partie de ping-pong ou de volley-ball.<\/p>\n\n\n\n<p style=\"font-size:16px\">Bien entendu, votre animal de compagnie vous accompagne en vacances en Bretagne. La balade dans les bosquets, le long du lac, fera de lui un vacancier heureux.<\/p>\n<\/div><\/div>\n\n\n\n<p><\/p>\n\n\n<hr>\n\n\n<div class=\"wp-block-media-text alignwide has-media-on-the-right is-stacked-on-mobile\" style=\"grid-template-columns:auto 44%\"><div class=\"wp-block-media-text__content\">\n<p style=\"font-size:16px\"><strong>Les animations<\/strong><\/p>\n\n\n\n<p style=\"font-size:16px\">Les animations&nbsp;sont nombreuses en Haute Bretagne Ille-et-Vilaine mais nous en proposons \u00e9galement sur le camping en juillet\/ao\u00fbt.<\/p>\n\n\n\n<p style=\"font-size:16px\">Et pour respecter la tradition, galettes-saucisses et cr\u00eapes bretonnes sont de la f\u00eate.<\/p>\n\n\n\n<p style=\"font-size:16px\"><a href=\"https:\/\/www.sortiracombourg.fr\/evenements\/categorie\/agenda\/\" target=\"_blank\" rel=\"noreferrer noopener\">&gt;&nbsp;<strong>Agenda des \u00e9v\u00e9nements de Combourg<\/strong><\/a><\/p>\n<\/div><figure class=\"wp-block-media-text__media\"><img loading=\"lazy\" decoding=\"async\" width=\"1024\" height=\"676\" src=\"http:\/\/camping.combourg.bzh\/wp-content\/uploads\/2022\/05\/animation_camping-1024x676.jpg\" alt=\"\" class=\"wp-image-301 size-full\" srcset=\"https:\/\/camping.combourg.bzh\/wp-content\/uploads\/2022\/05\/animation_camping-1024x676.jpg 1024w, https:\/\/camping.combourg.bzh\/wp-content\/uploads\/2022\/05\/animation_camping-scaled-600x396.jpg 600w, https:\/\/camping.combourg.bzh\/wp-content\/uploads\/2022\/05\/animation_camping-300x198.jpg 300w, https:\/\/camping.combourg.bzh\/wp-content\/uploads\/2022\/05\/animation_camping-768x507.jpg 768w, https:\/\/camping.combourg.bzh\/wp-content\/uploads\/2022\/05\/animation_camping-1536x1013.jpg 1536w, https:\/\/camping.combourg.bzh\/wp-content\/uploads\/2022\/05\/animation_camping-2048x1351.jpg 2048w\" sizes=\"(max-width: 1024px) 100vw, 1024px\" \/><\/figure><\/div>\n\n\n<hr>","protected":false},"excerpt":{"rendered":"<p>Le camping municipal le Vieux Ch\u00e2tel, \u00e0 Combourg, entre Rennes et Saint-Malo, est \u00e0&nbsp;cinq minutes du centre ville, par chemin pi\u00e9tonnier le long du lac. Une situation id\u00e9ale&nbsp;vous permettant d\u2019aller prendre un verre, de faire du shopping ou de fl\u00e2ner sur le march\u00e9 traditionnel du lundi matin. Le camping Le [&hellip;]<\/p>\n","protected":false},"author":1,"featured_media":0,"parent":0,"menu_order":0,"comment_status":"closed","ping_status":"closed","template":"","meta":{"footnotes":""},"class_list":["post-89","page","type-page","status-publish","hentry"],"_links":{"self":[{"href":"https:\/\/camping.combourg.bzh\/index.php\/wp-json\/wp\/v2\/pages\/89","targetHints":{"allow":["GET"]}}],"collection":[{"href":"https:\/\/camping.combourg.bzh\/index.php\/wp-json\/wp\/v2\/pages"}],"about":[{"href":"https:\/\/camping.combourg.bzh\/index.php\/wp-json\/wp\/v2\/types\/page"}],"author":[{"embeddable":true,"href":"https:\/\/camping.combourg.bzh\/index.php\/wp-json\/wp\/v2\/users\/1"}],"replies":[{"embeddable":true,"href":"https:\/\/camping.combourg.bzh\/index.php\/wp-json\/wp\/v2\/comments?post=89"}],"version-history":[{"count":33,"href":"https:\/\/camping.combourg.bzh\/index.php\/wp-json\/wp\/v2\/pages\/89\/revisions"}],"predecessor-version":[{"id":931,"href":"https:\/\/camping.combourg.bzh\/index.php\/wp-json\/wp\/v2\/pages\/89\/revisions\/931"}],"wp:attachment":[{"href":"https:\/\/camping.combourg.bzh\/index.php\/wp-json\/wp\/v2\/media?parent=89"}],"curies":[{"name":"wp","href":"https:\/\/api.w.org\/{rel}","templated":true}]}}