{"id":3,"date":"2022-05-17T09:40:25","date_gmt":"2022-05-17T07:40:25","guid":{"rendered":"http:\/\/camping.combourg.bzh\/?page_id=3"},"modified":"2022-05-31T14:52:05","modified_gmt":"2022-05-31T12:52:05","slug":"politique-de-confidentialite","status":"publish","type":"page","link":"https:\/\/camping.combourg.bzh\/index.php\/politique-de-confidentialite\/","title":{"rendered":"Politique de confidentialit\u00e9"},"content":{"rendered":"\t\t<div data-elementor-type=\"wp-page\" data-elementor-id=\"3\" class=\"elementor elementor-3\">\n\t\t\t\t\t\t<section class=\"elementor-section elementor-top-section elementor-element elementor-element-21862e5 elementor-section-boxed elementor-section-height-default elementor-section-height-default\" data-id=\"21862e5\" data-element_type=\"section\" data-e-type=\"section\">\n\t\t\t\t\t\t<div class=\"elementor-container elementor-column-gap-default\">\n\t\t\t\t\t<div class=\"elementor-column elementor-col-100 elementor-top-column elementor-element elementor-element-4c95f81\" data-id=\"4c95f81\" data-element_type=\"column\" data-e-type=\"column\">\n\t\t\t<div class=\"elementor-widget-wrap elementor-element-populated\">\n\t\t\t\t\t\t<div class=\"elementor-element elementor-element-62d819f3 elementor-widget elementor-widget-text-editor\" data-id=\"62d819f3\" data-element_type=\"widget\" data-e-type=\"widget\" data-widget_type=\"text-editor.default\">\n\t\t\t\t<div class=\"elementor-widget-container\">\n\t\t\t\t\t\t\t\t\t<p>La pr\u00e9sente politique de confidentialit\u00e9 d\u00e9finit et vous informe de la mani\u00e8re dont la Mairie de Combourg utilise et prot\u00e8ge les informations que vous nous transmettez, le cas \u00e9ch\u00e9ant, lorsque vous utilisez le pr\u00e9sent site accessible \u00e0 partir de l\u2019URL suivante : <a href=\"http:\/\/camping.combourg.bzh\">http:\/\/camping.combourg.bzh<\/a><\/p>\n<h3>Donn\u00e9es collect\u00e9es<\/h3>\n<p>Dans le cadre de l\u2019utilisation du site et de ses services, les donn\u00e9es \u00e0 caract\u00e8re personnel que vous communiquez sont collect\u00e9es et trait\u00e9es par la Mairie de Combourg en sa qualit\u00e9 de responsable de traitement.<\/p>\n<p>Cette collecte est effectu\u00e9e sous la responsabilit\u00e9 de Monsieur Jo\u00ebl LE BESCO \u2013 Maire.<\/p>\n<p>Les donn\u00e9es collect\u00e9es sur le site de la commune sont les suivantes\u00a0:<\/p>\n<ul>\n<li><strong>Formulaire de contact<\/strong>\n<ul>\n<li>Donn\u00e9es collect\u00e9es\u00a0: Nom \/ Pr\u00e9nom \/ T\u00e9l\u00e9phone \/ Email \/ Adresse<\/li>\n<li>Finalit\u00e9s\u00a0: Faire une demande \u00e0 la Mairie<\/li>\n<li>Destinataire\u00a0: Secr\u00e9tariat g\u00e9n\u00e9ral<\/li>\n<\/ul>\n<\/li>\n<li>\u00a0<strong>Donn\u00e9es de connexion<\/strong>\n<ul>\n<li>Donn\u00e9es collect\u00e9es\u00a0: Adresse IP \/ Date de connexion \/ Type de mat\u00e9riel<\/li>\n<li>Finalit\u00e9s\u00a0:\u00a0Statistiques d\u2019audience du site sur Google Analytics<\/li>\n<li>Destinataire\u00a0: Service communication<\/li>\n<\/ul>\n<\/li>\n<\/ul>\n<h2>Exercice de vos droits<\/h2>\n<p>Conform\u00e9ment \u00e0 la\u00a0<a href=\"https:\/\/www.legifrance.gouv.fr\/affichTexte.do?cidTexte=JORFTEXT000000886460\">Loi du 6 janvier 1978 modifi\u00e9e<\/a>, relative \u00e0 l\u2019informatique et aux libert\u00e9s, et au\u00a0<a href=\"https:\/\/www.cnil.fr\/fr\/reglement-europeen-protection-donnees\">r\u00e8glement europ\u00e9en n\u00b02016\/679<\/a>, dit\u00a0R\u00e8glement G\u00e9n\u00e9ral sur la Protection des Donn\u00e9es,\u00a0<strong>vous disposez d\u2019un droit d\u2019acc\u00e8s, et \u00e9ventuellement d\u2019un droit de rectification, d\u2019effacement des donn\u00e9es, et de limitation du traitement.<\/strong><\/p>\n<p>Vous pouvez les exercer en nous adressant une\u00a0<strong>demande \u00e9crite accompagn\u00e9e d\u2019une copie de votre pi\u00e8ce d\u2019identit\u00e9<\/strong>\u00a0:<\/p>\n<ul>\n<li>par courrier \u00e0 Monsieur Jo\u00ebl LE BESCO \u2013 Maire de Combourg \u2013 Rue de la Mairie \u2013 35270 COMBOURG<\/li>\n<li>par mail \u00e0\u00a0<a href=\"mailto:mairie@combourg.com\">mairie@combourg.com<\/a><\/li>\n<\/ul>\n<p><strong>Les coordonn\u00e9es de notre d\u00e9l\u00e9gu\u00e9 \u00e0 la protection des donn\u00e9es sont les suivantes\u00a0:<\/strong><\/p>\n<p>D\u00e9l\u00e9gu\u00e9 \u00e0 la protection des donn\u00e9es, Centre de Gestion d\u2019Ille et Vilaine, Village des collectivit\u00e9s territoriales, 1 avenue de Tiz\u00e9, CS 13600, 35236 THORIGNE-FOUILLARD CEDEX ou\u00a0<a href=\"mailto:dpd@cdg35.fr\">dpd@cdg35.fr<\/a><\/p>\n<h2>Dur\u00e9e de conservation<\/h2>\n<p>Les donn\u00e9es personnelles sont conserv\u00e9es et trait\u00e9es pour la dur\u00e9e n\u00e9cessaire \u00e0 la r\u00e9alisation de la finalit\u00e9 poursuivie.<\/p>\n<h2>Protection des donn\u00e9es<\/h2>\n<p>La Mairie de Combourg s\u2019engage \u00e0 mettre en \u0153uvre toutes les mesures techniques et organisationnelles appropri\u00e9es afin de garantir un\u00a0<strong>niveau de s\u00e9curit\u00e9 adapt\u00e9 au regard des risques d\u2019acc\u00e8s accidentels, non autoris\u00e9s ou ill\u00e9gaux, de divulgation, d\u2019alt\u00e9ration, de perte ou encore de destruction des donn\u00e9es personnelles vous concernant.<\/strong><\/p>\n<p>En aucun cas, vos donn\u00e9es personnelles ne feront l\u2019objet d\u2019une vente, d\u2019un \u00e9change ou d\u2019une location \u00e0 des tiers, m\u00eame \u00e0 titre gratuit.<\/p>\n<p>Vous \u00eates toutefois inform\u00e9s qu\u2019elles pourront \u00eatre divulgu\u00e9es en application d\u2019une loi, d\u2019un r\u00e8glement ou en vertu d\u2019une d\u00e9cision d\u2019une autorit\u00e9 r\u00e9glementaire ou judiciaire comp\u00e9tente.<\/p>\n<h2>R\u00e9clamation<\/h2>\n<p>Sous r\u00e9serve d\u2019un manquement aux dispositions d\u00e9crites ci-dessus,\u00a0<strong>vous avez le droit d\u2019introduire une r\u00e9clamation aupr\u00e8s de la CNIL<\/strong>\u00a0(Commission Nationale de l\u2019informatique et des Libert\u00e9s).<\/p>\n<h2>Cookies<\/h2>\n<p>L\u2019utilisation des cookies est courante sur Internet.<br \/>Un cookie est un petit fichier texte contenant des informations, qui est enregistr\u00e9 sur le disque dur de votre terminal (ex : ordinateur, tablette ou t\u00e9l\u00e9phone mobile) \u00e0 l\u2019occasion de la consultation d\u2019un site Internet gr\u00e2ce \u00e0 votre logiciel de navigation.<br \/><strong>Il est transmis par le serveur d\u2019un site Internet \u00e0 votre navigateur<\/strong>. Le fichier cookie permet \u00e0 son \u00e9metteur d\u2019identifier le terminal dans lequel il est enregistr\u00e9 pendant la dur\u00e9e de validit\u00e9 ou d\u2019enregistrement du cookie concern\u00e9.<br \/>Seul le site \u00e9metteur d\u2019un cookie est susceptible de lire ou de modifier des informations qui y sont contenues.<\/p>\n<p>Le site <a href=\"https:\/\/www.combourg.bzh\/\">https:\/\/www.combourg.bzh\/<\/a>\u00a0utilise uniquement les cookies pour mesurer\u00a0<strong>l\u2019audience du site<\/strong>\u00a0(par exemple, le nombre de visites, les pages les plus visit\u00e9es).\u00a0Ils nous permettent ainsi d\u2019adapter l\u2019ergonomie du site pour faciliter votre navigation.<\/p>\n<p>Nous utilisons\u00a0<strong>Google analytics<\/strong>.\u00a0Les donn\u00e9es sont collect\u00e9es\u00a0<strong>anonymement<\/strong>\u00a0et ne permettent pas \u00e0 Mairie de Combourg d\u2019identifier un individu.<\/p>\n<h3>Plus d\u2019information sur les cookies<\/h3>\n<p>Pour plus d\u2019information sur les cookies, vous pouvez vous rendre sur le site de la CNIL, \u00e0 cette adresse :<a href=\"http:\/\/www.cnil.fr\/vos-droits\/vos-traces\/les-cookies\/\">http:\/\/www.cnil.fr\/vos-droits\/vos-traces\/les-cookies\/<\/a><\/p>\t\t\t\t\t\t\t\t<\/div>\n\t\t\t\t<\/div>\n\t\t\t\t\t<\/div>\n\t\t<\/div>\n\t\t\t\t\t<\/div>\n\t\t<\/section>\n\t\t\t\t<\/div>\n\t\t","protected":false},"excerpt":{"rendered":"<p>La pr\u00e9sente politique de confidentialit\u00e9 d\u00e9finit et vous informe de la mani\u00e8re dont la Mairie de Combourg utilise et prot\u00e8ge les informations que vous nous transmettez, le cas \u00e9ch\u00e9ant, lorsque vous utilisez le pr\u00e9sent site accessible \u00e0 partir de l\u2019URL suivante : http:\/\/camping.combourg.bzh Donn\u00e9es collect\u00e9es Dans le cadre de l\u2019utilisation [&hellip;]<\/p>\n","protected":false},"author":1,"featured_media":0,"parent":0,"menu_order":0,"comment_status":"closed","ping_status":"open","template":"","meta":{"footnotes":""},"class_list":["post-3","page","type-page","status-publish","hentry"],"_links":{"self":[{"href":"https:\/\/camping.combourg.bzh\/index.php\/wp-json\/wp\/v2\/pages\/3","targetHints":{"allow":["GET"]}}],"collection":[{"href":"https:\/\/camping.combourg.bzh\/index.php\/wp-json\/wp\/v2\/pages"}],"about":[{"href":"https:\/\/camping.combourg.bzh\/index.php\/wp-json\/wp\/v2\/types\/page"}],"author":[{"embeddable":true,"href":"https:\/\/camping.combourg.bzh\/index.php\/wp-json\/wp\/v2\/users\/1"}],"replies":[{"embeddable":true,"href":"https:\/\/camping.combourg.bzh\/index.php\/wp-json\/wp\/v2\/comments?post=3"}],"version-history":[{"count":10,"href":"https:\/\/camping.combourg.bzh\/index.php\/wp-json\/wp\/v2\/pages\/3\/revisions"}],"predecessor-version":[{"id":834,"href":"https:\/\/camping.combourg.bzh\/index.php\/wp-json\/wp\/v2\/pages\/3\/revisions\/834"}],"wp:attachment":[{"href":"https:\/\/camping.combourg.bzh\/index.php\/wp-json\/wp\/v2\/media?parent=3"}],"curies":[{"name":"wp","href":"https:\/\/api.w.org\/{rel}","templated":true}]}}